{"id":3998,"date":"2025-09-10T19:57:42","date_gmt":"2025-09-10T17:57:42","guid":{"rendered":"https:\/\/muspot.art\/?page_id=3998"},"modified":"2025-09-10T23:34:49","modified_gmt":"2025-09-10T21:34:49","slug":"lukasz-urbaniak","status":"publish","type":"page","link":"https:\/\/muspot.art\/en\/kompozytorzy\/lukasz-urbaniak\/","title":{"rendered":"\u0141UKASZ URBANIAK"},"content":{"rendered":"<div class=\"wp-block-columns is-layout-flex wp-container-core-columns-is-layout-7387b849 wp-block-columns-is-layout-flex\">\n<div class=\"wp-block-column is-layout-flow wp-block-column-is-layout-flow\" style=\"flex-basis:100%\">\n<div class=\"wp-block-columns is-layout-flex wp-container-core-columns-is-layout-7387b849 wp-block-columns-is-layout-flex\">\n<div class=\"wp-block-column is-layout-flow wp-block-column-is-layout-flow\" style=\"flex-basis:66.66%\">\n<p class=\"has-text-align-justify wp-block-paragraph\">Kompozytor, aran\u017cer, teoretyk muzyki, pianista, pedagog.<br>Ur. 16 stycznia 1980 w Bydgoszczy. Uko\u0144czy\u0142 z wyr\u00f3\u017cnieniem studia kompozytorskie w klasie prof. M. Jasi\u0144skiego oraz teori\u0119 muzyki w Akademii Muzycznej im. F. Nowowiejskiego w Bydgoszczy (2008). Jest tak\u017ce absolwentem Wydzia\u0142u Prawa i Administracji (kierunek: prawo) Uniwersytetu im. Miko\u0142aja Kopernika w Toruniu (2004).<\/p>\n\n\n\n<p class=\"has-text-align-justify wp-block-paragraph\">Jego dorobek obejmuje utwory solowe, kameralne i symfoniczne przeznaczone na r\u00f3\u017cnorodne sk\u0142ady wykonawcze. Ponadto jest autorem kompozycji o charakterze dydaktycznym oraz muzyki do spektakli i inscenizacji teatralnych.<\/p>\n\n\n\n<p class=\"has-text-align-justify wp-block-paragraph\">Utwory \u0141ukasza Urbaniaka wykonywano w Danii, Niemczech, Norwegii,<br>Macedonii, Czechach, Estonii, Wielkiej Brytanii, Chinach, Hiszpanii, we Francji, W\u0142oszech, na Litwie, S\u0142owacji, w USA oraz w Polsce (m.in. podczas festiwali tj.: VIII Mi\u0119dzynarodowy Festiwal Pie\u015bni Sakralnej \u201e\u0141apskie Te Deum\u201d; Festiwal \u201eRybnicka Jesie\u0144 Ch\u00f3ralna\u201d pod patronatem Henryka Miko\u0142aja G\u00f3reckiego; Festiwal Ch\u00f3ralny \u201eCantate Domino\u201d w Krakowie; Og\u00f3lnopolski Festiwal Pie\u015bni Pasyjnej w Bydgoszczy; XVII Festiwal im. Adama Didura w Sanoku; Mi\u0119dzynarodowy Festiwal Muzyki Sakralnej \u201eGaude Mater\u201d w Cz\u0119stochowie; \u201eLegnica Cantat\u201d; Og\u00f3lnopolski Konkursu i Festiwal Ch\u00f3ralny \u201eMusica in Urbe\u201d w Bydgoszczy, a tak\u017ce podczas koncert\u00f3w w Filharmonii Narodowej, Operze Nova oraz Filharmonii Krakowskiej).<\/p>\n\n\n\n<p class=\"wp-block-paragraph\">Za tw\u00f3rczo\u015b\u0107 kompozytorsk\u0105 otrzyma\u0142 wiele nagr\u00f3d i wyr\u00f3\u017cnie\u0144, m.in.:<\/p>\n\n\n\n<ul class=\"wp-block-list\">\n<li> I nagrod\u0119 w I Og\u00f3lnopolskim Konkursie Kompozytorskim na Ch\u00f3raln\u0105 Pie\u015b\u0144 Pasyjn\u0105 (Bydgoszcz, 2004), <\/li>\n\n\n\n<li>wyr\u00f3\u017cnienie na II Og\u00f3lnopolskim Konkursie Kompozytorskim na Ch\u00f3raln\u0105 Pie\u015b\u0144 Pasyjn\u0105 (Bydgoszcz, 2006), <\/li>\n\n\n\n<li>II nagrod\u0119 (I nie przyznano) w XV Og\u00f3lnopolskim Otwartym Konkursie Kompozytorskim im. Adama Didura (Sanok, 2007), <\/li>\n\n\n\n<li>II nagrod\u0119 w III Og\u00f3lnopolskim Konkursie Kompozytorskim na Ch\u00f3raln\u0105 Pie\u015b\u0144 Pasyjn\u0105 (Bydgoszcz, 2008), <\/li>\n\n\n\n<li>I nagrod\u0119 w Og\u00f3lnopolskim Konkursie Kompozytorskim na Pie\u015b\u0144 Ch\u00f3raln\u0105 a cappella w kategorii ch\u00f3r\u00f3w mieszanych (Legnica, 2008), <\/li>\n\n\n\n<li>I nagrod\u0119 w Og\u00f3lnopolskim Konkursie Kompozytorskim na Pie\u015b\u0144 Ch\u00f3raln\u0105 a cappella w kategorii ch\u00f3r\u00f3w jednorodnych (Legnica, 2008, 2020), <\/li>\n\n\n\n<li>II nagrod\u0119 w Og\u00f3lnopolskim Konkursie Kompozytorskim Fides et Ratio (Toru\u0144, 2009), <\/li>\n\n\n\n<li>II nagrod\u0119 w Mi\u0119dzynarodowym Konkursie Kompozytorskim Musica Sacra (Cz\u0119stochowa, 2009 oraz 2011), <\/li>\n\n\n\n<li>I nagrod\u0119 oraz wyr\u00f3\u017cnienie w II Og\u00f3lnopolskim Konkursie Kompozytorskim na Ch\u00f3ralny Utw\u00f3r Liturgiczny (Bydgoszcz, 2011),<\/li>\n\n\n\n<li>I nagrod\u0119, Nagrod\u0119 Prezydenta Miasta Poznania i Nagrod\u0119 \u201eKompozytor Rezydent Pozna\u0144skiego Ch\u00f3ru Kameralnego\u201d podczas Og\u00f3lnopolskiego Konkursu Kompozytorskiego Opus 966 za utw\u00f3r <em>A Patre Unigenite<\/em> (2013), <\/li>\n\n\n\n<li>I nagrod\u0119 w VI Og\u00f3lnopolskim Konkursie Kompozytorskim na Ch\u00f3raln\u0105 Pie\u015b\u0144 Pasyjn\u0105 (Bydgoszcz, 2014), <\/li>\n\n\n\n<li>wyr\u00f3\u017cnienie w mi\u0119dzynarodowym konkursie kompozytorskim <em>Gianni Bergamo Classic Music Award<\/em> (Szwajcaria, 2013) i <\/li>\n\n\n\n<li>wyr\u00f3\u017cnienie w mi\u0119dzynarodowym konkursie kompozytorskim <em>Fide et Amore<\/em> (\u017bory, 2014).<\/li>\n<\/ul>\n\n\n\n<p class=\"has-text-align-left wp-block-paragraph\">Ponadto kompozycje: <em>Exaltabo te Domine<\/em>, <em>In te Domine speravi<\/em>, <em>Beatus<br>vir<\/em>, <em>Exultate Deo<\/em>, <em>O mystery great and glorious<\/em>, <em>O salutaris hostia<\/em>, <em>Pascha Nostrum<\/em> oraz <em>The Lord is my Shepherd<\/em> zosta\u0142y zakwalifikowane w drodze konkursu do prezentacji podczas <em>London Festival of Contemporary Church Music<\/em> (2011, 2013, 2016, 2019, 2021, 2023-2025).<\/p>\n\n\n\n<p class=\"has-text-align-justify wp-block-paragraph\">\u0141ukasz Urbaniak ma w swoim dorobku liczne utwory napisane na zam\u00f3wienie instytucji\/zespo\u0142\u00f3w muzycznych, w tym m.in. dzie\u0142a skomponowane w ramach realizowanego przez Instytut Muzyki i Ta\u0144ca programu Kolekcje: Zam\u00f3wienia kompozytorskie: <em>Missa in memoriam Beati Georgio Popie\u0142uszko<\/em> (2013) i <em>Missa in honorem Sancti Adalberti <\/em>(2016) oraz kompozycje dla ch\u00f3r\u00f3w: Qol Nefesh (W\u0142ochy), Cantata (Elbl\u0105g), Music Everywhere (Tr\u00f3jmiasto), Minimus (Pozna\u0144), Camerata Musicale (Wejherowo), Ch\u00f3r Ch\u0142opi\u0119cy NFM (Wroc\u0142aw), Polski<br>Narodowy Ch\u00f3r M\u0142odzie\u017cowy NFM (Wroc\u0142aw).<\/p>\n\n\n\n<p class=\"has-text-align-justify wp-block-paragraph\">Zam\u00f3wiona przez O\u015brodek Promocji Kultury \u201eGaude Mater\u201d w Cz\u0119stochowie <em>Missa in memoriam Beati Georgii Popie\u0142uszko na ma\u0142\u0105 orkiestr\u0119 symfoniczn\u0105 i ch\u00f3r mieszany<\/em> zosta\u0142a wykonana podczas Inauguracji Liturgicznej Mi\u0119dzynarodowego Festiwalu Muzyki Sakralnej \u201eGaude Mater\u201d w Cz\u0119stochowie w 2013 r. (Ch\u00f3r UKSW, orkiestra \u201eNova et Vetera\u201d, K. Szymonik \u2013 przygotowanie ch\u00f3ru, M. S\u0142awecki &#8211; dyrygent), a nast\u0119pnie wydana nak\u0142adem firmy fonograficznej DUX (2015). Z kolei <em>Missa in honorem Sancti Adalberti<\/em> <em>na ch\u00f3r mieszany, kwintet d\u0119ty blaszany, kot\u0142y, dzwony rurowe i 966-osobowy t\u0142um wiernych<\/em>, b\u0119d\u0105ca pierwsz\u0105 polsk\u0105 msz\u0105 ku czci \u015bw. Wojciecha, powsta\u0142a z inicjatywy B. Micha\u0142owskiego, dyrygenta Pozna\u0144skiego Ch\u00f3ru Kameralnego oraz Ch\u00f3ru Filharmonii Narodowej. Dzie\u0142o zosta\u0142o wykonane w Polsce (Pozna\u0144, Bydgoszcz) w interpretacji Pozna\u0144skiego Ch\u00f3ru Kameralnego, Pozna\u0144skich Filharmonik\u00f3w oraz B. Micha\u0142owskiego oraz we Francji (Thann i Dannemarie), gdzie wykonawcami byli Ensemble Vocal du Pays de Thann, Mulhouse Brass Quintet oraz Mich\u00e8le Huss. Inna kompozycja, <em>Cantus<\/em> na trzy ch\u00f3ry mieszane a capella, powsta\u0142a w ramach projektu NFM i zosta\u0142a wydana nak\u0142adem Polskiego Wydawnictwa Muzycznego (PWM\/NFM 12631) oraz utrwalona na p\u0142ycie <em>\u015apiewajmy! M\u0142odzi-m\u0142odym<\/em> (Polski Narodowy Ch\u00f3r M\u0142odzie\u017cowy, A. Frank\u00f3w-\u017belazny; CD Accord, 2019).<\/p>\n\n\n\n<p class=\"has-text-align-justify wp-block-paragraph\">Kilka spo\u015br\u00f3d licznych p\u0142yt zawieraj\u0105cych utwory \u0141. Urbaniaka by\u0142o<br>nominowanych\/uzyska\u0142o presti\u017cowe nagrody. I tak &#8211; album <em>De profundis<\/em> (Ch\u00f3r NFM, A. Frank\u00f3w-\u017belazny; CD Accord, 2016) otrzyma\u0142 nagrod\u0119 Fryderyk 2017 w kategorii \u201eAlbum roku muzyka ch\u00f3ralna, oratoryjna i operowa\u201d, za\u015b p\u0142yty: <em>Prayer <\/em>(Ch\u00f3r Katedry Warszawsko-Praskiej \u201eMusica Sacra\u201d, P. \u0141ukaszewski; DUX, 2013) oraz <em>Martyrum Polonorum<\/em> (MSGCI, Ch\u00f3r UKSW, orkiestra \u201eNova et Vetera\u201d, M. S\u0142awecki; DUX, 2015) otrzyma\u0142y nominacj\u0119 do nagrody Akademii Fonograficznej Fryderyk.<\/p>\n\n\n\n<p class=\"has-text-align-justify wp-block-paragraph\">Kompozycje \u0141. Urbaniaka by\u0142y wykonywane przez znakomite zespo\u0142y, m.in.: <em>Sansara <\/em>(Wielka Brytania), <em>Duo Deco Ensamble<\/em> (Litwa), J<em>auna Muzika Vilnius Municipal Choir<\/em> (Litwa), Ch\u00f3r <em>Rejoice <\/em>(Estonia), <em>Qol Nefesh<\/em> (W\u0142ochy), <em>The LFCCM Festival Singers<\/em> (Wielka Brytania), <em>The Choral Scholars of St Mary of the Angels<\/em> (Wielka Brytania), <em>The Choir of St Pancras Parish Church<\/em> (Wielka Brytania), <em>Ensemble Vocal du Pays de Thann<\/em> (Francja), <em>Mulhouse Brass Quintet<\/em> (Francja), <em>Ch\u00f3r Filharmonii Narodowej<\/em> (Warszawa), <em>Polski Ch\u00f3r Kameralny \u201eSchola Cantorum Gedanensis\u201d<\/em> (Gda\u0144sk), <em>Ch\u00f3r Ch\u0142opi\u0119cy NFM<\/em> (Wroc\u0142aw), <em>Ch\u00f3r NFM <\/em>(Wroc\u0142aw), <em>Astrolabium <\/em>(Toru\u0144), <em>Octava Ensamble<\/em> (Krak\u00f3w), <em>Zesp\u00f3\u0142 \u015apiewak\u00f3w Miasta Katowice \u201eCamerata Silesia\u201d<\/em> (Katowice), <em>Ch\u00f3r Uniwersytetu im. Kardyna\u0142a Stefana Wyszy\u0144skiego<\/em> (Warszawa).<\/p>\n\n\n\n<p class=\"has-text-align-justify wp-block-paragraph\">Utwory \u0141ukasza Urbaniaka znajduj\u0105 si\u0119 w repertuarze wy\u015bmienitych zespo\u0142\u00f3w takich jak: Piccolo coro (Czechy), Minimus (Pozna\u0144), Affectus (Pozna\u0144), Ch\u00f3r Cantata (Elbl\u0105g), Ch\u00f3r Uniwersytetu Ekonomicznego \u201eArs cantandi\u201d (Wroc\u0142aw), Music Everywhere (Tr\u00f3jmiasto), Ch\u00f3r Dominanta (Krak\u00f3w), Camerata Musicale (Wejherowo), Ch\u00f3r Politechniki Gda\u0144skiej, Ch\u00f3r Politechniki Bydgoskiej, Ch\u00f3r Akademii Ekonomicznej Musica Viva (Pozna\u0144), Akolada (Bydgoszcz), Canto (W\u0142oc\u0142awek), Zesp\u00f3\u0142 Wokalny Akademii Muzycznej \u201eSenza rigore\u201d (Wroc\u0142aw), Zesp\u00f3\u0142 Wokalny \u201eRondo\u201d (Wroc\u0142aw), Pozna\u0144ski Ch\u00f3r Kameralny.<\/p>\n\n\n\n<p class=\"has-text-align-justify wp-block-paragraph\">Kompozycjami \u0141ukasza Urbaniaka dyrygowali m.in. Jan \u0141ukaszewski, Vaclovas Augustinas, Bartosz Micha\u0142owski, Maja Metelska, Micha\u0142 S\u0142awecki, Kinga Litowska, Anna Szostak, Marek Gandecki, Renata Szerafin-W\u00f3jtowicz, Zygmunt Magiera, Pawe\u0142 \u0141ukaszewski, Ma\u0142gorzata Podzielny, Agnieszka Frank\u00f3w\u017belazny, Mariusz Ko\u0144czal, Barbara Halec, Anna Grabowska-Borys, Aleksandra Janus, Ma\u0142gorzata Langer-Kr\u00f3l, Janusz Stanecki, Marta Dr\u00f3zd-Kulkowska, Agnieszka Sowa, Mariusz Mr\u00f3z, S\u0142awomira Raczy\u0144ska, Beata \u015anieg, Christopher Batchelor, Ellie Slorach, Alastair Carey, Mich\u00e8le Huss.<\/p>\n\n\n\n<p class=\"has-text-align-justify wp-block-paragraph\">\u0141ukasz Urbaniak prowadzi o\u017cywion\u0105 dzia\u0142alno\u015b\u0107 artystyczn\u0105. By\u0142 pomys\u0142odawc\u0105 i za\u0142o\u017cycielem Ko\u0142a Artystyczno-Naukowego przy Wydziale Kompozycji, Teorii Muzyki i Re\u017cyserii D\u017awi\u0119ku bydgoskiej Akademii Muzycznej; inicjatorem, wsp\u00f3\u0142organizatorem i jurorem Konkursu Kompozytorskiego dla Uczni\u00f3w \u015arednich Szk\u00f3\u0142 Muzycznych pami\u0119ci Mariana Gordiejuka (2007, 2008); wsp\u00f3\u0142organizatorem oraz czynnym uczestnikiem kilku interdyscyplinarnych sesji naukowych (Postmodernizm w muzyce i sztukach plastycznych &#8211; 2006, D\u017awi\u0119cz\u0105ce obrazy, czyli spotkanie z grafik\u0105 muzyczn\u0105 &#8211; 2007, \u0179r\u00f3d\u0142a inspiracji &#8211; 2008), licznych koncert\u00f3w kompozytorskich z cyklu Con-front-akcje muzyczne, Kontrapunkty &#8211; laboratorium m\u0142odych, Szkolna Partytura, a tak\u017ce koncert\u00f3w w ramach Mi\u0119dzynarodowego Festiwalu Muzyki Sakralnej \u201eGaude Mater\u201d (Bydgoszcz, 2014-2016). Prowadzi\u0142 warsztaty <em>Pisz muzyk\u0119 \u2013 to proste<\/em>, przeznaczone dla m\u0142odych adept\u00f3w kompozycji (Pozna\u0144, 2014). Bra\u0142 udzia\u0142 w realizacji projektu edukacyjnego dla dzieci i m\u0142odzie\u017cy \u201eMost the Music\u201d (dyrektor artystyczny \u2013 Adam Sztaba; 2023\/2024). Ponadto, w ramach projektu Ch\u00f3ru Music Everywhere\/B. \u015anieg &#8211; \u201eKaruzela gna\u201d, zaaran\u017cowa\u0142 kompozycj\u0119 <em>Nie dokazuj<\/em> M. Grechuty (utw\u00f3r by\u0142 prezentowany na kilkudziesi\u0119ciu koncertach, zosta\u0142 te\u017c utrwalony na p\u0142ycie \u201eKaruzela gna\u201d, TALL PINE Records, SL SOUND Studio, 2020).<\/p>\n\n\n\n<p class=\"has-text-align-justify wp-block-paragraph\">Od czerwca 2012 do 2017 roku by\u0142 cz\u0142onkiem Rady Artystyczno-Programowej Mi\u0119dzynarodowego Festiwalu Muzyki Sakralnej \u201eGaude Mater\u201d w Cz\u0119stochowie.<\/p>\n\n\n\n<p class=\"has-text-align-justify wp-block-paragraph\">W 2011 roku za\u0142o\u017cy\u0142 Studium Muzycznej Kreatywno\u015bci w Bydgoszczy, w kt\u00f3rym jest managerem i pedagogiem. Od 2011 r. jest te\u017c korepetytorem Zespo\u0142u oraz Studium Baletowego dzia\u0142aj\u0105cego w Operze Nova w Bydgoszczy. Ponadto od 2022 r. wyk\u0142ada kompozycj\u0119 w PSCHiEG (Akademia Muzyczna im. F. Nowowiejskiego w Bydgoszczy).<\/p>\n\n\n\n<p class=\"has-text-align-justify wp-block-paragraph\">Za dzia\u0142alno\u015b\u0107 artystyczn\u0105 oraz organizatorsk\u0105 kompozytor zosta\u0142 uhonorowany stypendium Prezydenta Miasta Bydgoszczy (2008) i medalem Zas\u0142u\u017cony dla Kultury Polskiej (2015).<\/p>\n\n\n\n<p class=\"has-text-align-left wp-block-paragraph\"><\/p>\n\n\n\n<p class=\"has-text-align-left wp-block-paragraph\"><\/p>\n\n\n\n<p class=\"has-text-align-left wp-block-paragraph\"><\/p>\n\n\n\n<p class=\"has-text-align-left wp-block-paragraph\"><\/p>\n\n\n\n<p class=\"has-text-align-left wp-block-paragraph\"><\/p>\n\n\n\n<p class=\"has-text-align-left wp-block-paragraph\"><\/p>\n\n\n\n<p class=\"has-text-align-left wp-block-paragraph\"><\/p>\n\n\n\n<p class=\"has-text-align-left wp-block-paragraph\"><\/p>\n\n\n\n<p class=\"has-text-align-left wp-block-paragraph\"><\/p>\n\n\n\n<p class=\"has-text-align-left wp-block-paragraph\"><\/p>\n\n\n\n<p class=\"has-text-align-left wp-block-paragraph\"><\/p>\n\n\n\n<p class=\"has-text-align-left wp-block-paragraph\"><\/p>\n<\/div>\n\n\n\n<div class=\"wp-block-column is-layout-flow wp-block-column-is-layout-flow\" style=\"flex-basis:33.33%\">\n<div class=\"wp-block-essential-blocks-advanced-image  root-eb-advanced-image-uweql\"><div class=\"eb-parent-wrapper eb-parent-eb-advanced-image-uweql\"><figure class=\"eb-advanced-image-wrapper eb-advanced-image-uweql zoom-in\" data-id=\"eb-advanced-image-uweql\"><div class=\"eb-image-wrapper\"><div class=\"eb-image-wrapper-inner eb-img-style-square\"><img data-recalc-dims=\"1\" decoding=\"async\" src=\"https:\/\/i0.wp.com\/muspot.art\/wp-content\/uploads\/2025\/09\/Lukasz-Urbaniak-3.jpg?w=980&#038;ssl=1\" alt=\"\"\/><\/div><\/div><\/figure><\/div><\/div>\n\n\n\n<ul class=\"wp-block-social-links is-content-justification-center is-layout-flex wp-container-core-social-links-is-layout-3e41869c wp-block-social-links-is-layout-flex\"><li class=\"wp-social-link wp-social-link-spotify  wp-block-social-link\"><a href=\"https:\/\/open.spotify.com\/artist\/7ndV3kyycHlyARBienRzYZ?si=u7YKK-YlT_CgmWoq4c9DZA\" class=\"wp-block-social-link-anchor\"><svg width=\"24\" height=\"24\" viewbox=\"0 0 24 24\" version=\"1.1\" xmlns=\"http:\/\/www.w3.org\/2000\/svg\" aria-hidden=\"true\" focusable=\"false\"><path d=\"M12,2C6.477,2,2,6.477,2,12c0,5.523,4.477,10,10,10c5.523,0,10-4.477,10-10C22,6.477,17.523,2,12,2 M16.586,16.424 c-0.18,0.295-0.563,0.387-0.857,0.207c-2.348-1.435-5.304-1.76-8.785-0.964c-0.335,0.077-0.67-0.133-0.746-0.469 c-0.077-0.335,0.132-0.67,0.469-0.746c3.809-0.871,7.077-0.496,9.713,1.115C16.673,15.746,16.766,16.13,16.586,16.424 M17.81,13.7 c-0.226,0.367-0.706,0.482-1.072,0.257c-2.687-1.652-6.785-2.131-9.965-1.166C6.36,12.917,5.925,12.684,5.8,12.273 C5.675,11.86,5.908,11.425,6.32,11.3c3.632-1.102,8.147-0.568,11.234,1.328C17.92,12.854,18.035,13.335,17.81,13.7 M17.915,10.865 c-3.223-1.914-8.54-2.09-11.618-1.156C5.804,9.859,5.281,9.58,5.131,9.086C4.982,8.591,5.26,8.069,5.755,7.919 c3.532-1.072,9.404-0.865,13.115,1.338c0.445,0.264,0.59,0.838,0.327,1.282C18.933,10.983,18.359,11.129,17.915,10.865\"><\/path><\/svg><span class=\"wp-block-social-link-label screen-reader-text\">Spotify<\/span><\/a><\/li><\/ul>\n\n\n\n<p class=\"has-text-align-center wp-block-paragraph\"><a href=\"http:\/\/www.lukaszurbaniak.eu\">www.lukaszurbaniak.eu<\/a><\/p>\n\n\n\n<h2 class=\"wp-block-heading\">LISTA UTWOR\u00d3W<\/h2>\n\n\n\n<div id=\"wp-block-themeisle-blocks-accordion-63b9247a\" class=\"wp-block-themeisle-blocks-accordion exclusive\">\n<details class=\"wp-block-themeisle-blocks-accordion-item\"><summary class=\"wp-block-themeisle-blocks-accordion-item__title\"><div>Utwory na ch\u00f3r mieszany<\/div><\/summary><div class=\"wp-block-themeisle-blocks-accordion-item__content\">\n<ul class=\"wp-block-list\">\n<li><em>Exaltabo te Domine<\/em><\/li>\n\n\n\n<li><em>In te Domine speravi<\/em><\/li>\n\n\n\n<li><em>Beatus vir<\/em><\/li>\n\n\n\n<li><em>Exultate Deo<\/em><\/li>\n\n\n\n<li><em>O mystery great and glorious<\/em><\/li>\n\n\n\n<li><em>O salutaris hostia<\/em><\/li>\n\n\n\n<li><em>Pascha Nostrum<\/em><\/li>\n\n\n\n<li><em>The Lord is my Shepherd<\/em> <\/li>\n<\/ul>\n<\/div><\/details>\n\n\n\n<details class=\"wp-block-themeisle-blocks-accordion-item\"><summary class=\"wp-block-themeisle-blocks-accordion-item__title\"><div>Inne utwory ch\u00f3ralne<\/div><\/summary><div class=\"wp-block-themeisle-blocks-accordion-item__content\">\n<ul class=\"wp-block-list\">\n<li><\/li>\n<\/ul>\n<\/div><\/details>\n\n\n\n<details class=\"wp-block-themeisle-blocks-accordion-item\"><summary class=\"wp-block-themeisle-blocks-accordion-item__title\"><div>Utwory wokalno-instrumentalne<\/div><\/summary><div class=\"wp-block-themeisle-blocks-accordion-item__content\">\n<ul class=\"wp-block-list\">\n<li><em><em>Missa in memoriam Beati Georgio Popie\u0142uszko<\/em><\/em><\/li>\n\n\n\n<li><em> Missa in honorem Sancti Adalberti <\/em><\/li>\n<\/ul>\n<\/div><\/details>\n\n\n\n<details class=\"wp-block-themeisle-blocks-accordion-item\"><summary class=\"wp-block-themeisle-blocks-accordion-item__title\"><div>Utwory instrumentalne<\/div><\/summary><div class=\"wp-block-themeisle-blocks-accordion-item__content\">\n<ul class=\"wp-block-list\">\n<li><\/li>\n<\/ul>\n<\/div><\/details>\n<\/div>\n<\/div>\n<\/div>\n<\/div>\n<\/div>\n\n\n\n<p class=\"wp-block-paragraph\"><\/p>","protected":false},"excerpt":{"rendered":"<p>Kompozytor, aran\u017cer, teoretyk muzyki, pianista, pedagog.Ur. 16 stycznia 1980 w Bydgoszczy. Uko\u0144czy\u0142 z wyr\u00f3\u017cnieniem studia kompozytorskie w klasie prof. M. Jasi\u0144skiego oraz teori\u0119 muzyki w Akademii Muzycznej im. F. Nowowiejskiego [&hellip;]<\/p>\n","protected":false},"author":242172294,"featured_media":0,"parent":134,"menu_order":0,"comment_status":"closed","ping_status":"closed","template":"","meta":{"_eb_attr":"","_crdt_document":"","advanced_seo_description":"","jetpack_seo_html_title":"","jetpack_seo_noindex":false,"_EventAllDay":false,"_EventTimezone":"","_EventStartDate":"","_EventEndDate":"","_EventStartDateUTC":"","_EventEndDateUTC":"","_EventShowMap":false,"_EventShowMapLink":false,"_EventURL":"","_EventCost":"","_EventCostDescription":"","_EventCurrencySymbol":"","_EventCurrencyCode":"","_EventCurrencyPosition":"","_EventDateTimeSeparator":"","_EventTimeRangeSeparator":"","_EventOrganizerID":[],"_EventVenueID":[],"_OrganizerEmail":"","_OrganizerPhone":"","_OrganizerWebsite":"","_VenueAddress":"","_VenueCity":"","_VenueCountry":"","_VenueProvince":"","_VenueState":"","_VenueZip":"","_VenuePhone":"","_VenueURL":"","_VenueStateProvince":"","_VenueLat":"","_VenueLng":"","_VenueShowMap":false,"_VenueShowMapLink":false,"_themeisle_gutenberg_block_has_review":false,"footnotes":""},"folder":[],"class_list":["post-3998","page","type-page","status-publish","hentry"],"jetpack_likes_enabled":true,"jetpack_sharing_enabled":true,"jetpack_shortlink":"https:\/\/wp.me\/PffYXX-12u","jetpack-related-posts":[{"id":3424,"url":"https:\/\/muspot.art\/en\/kompozytorzy\/mariusz-kramarz\/","url_meta":{"origin":3998,"position":0},"title":"MARIUSZ KRAMARZ","author":"MUSPOT","date":"28 May 2025","format":false,"excerpt":"Kompozytor, aran\u017cer, organista, dyrygent, organizator \u017cycia muzycznego. Tw\u00f3rca i kompozytor muzyki sakralnej, pie\u015bni liturgicznych, a tak\u017ce muzyki \u015bwieckiej i patriotycznej. Absolwent Akademii Muzycznej im. Krzysztofa Pendereckiego w Krakowie oraz Archidiecezjalnej Szko\u0142y Muzycznej II stopnia im. ks. Kardyna\u0142a Franciszka Macharskiego w Krakowie, organista w Bazylice Grobu Bo\u017cego w Miechowie w latach\u2026","rel":"","context":"Similar post","block_context":{"text":"Similar post","link":""},"img":{"alt_text":"","src":"","width":0,"height":0},"classes":[]},{"id":2032,"url":"https:\/\/muspot.art\/en\/kompozytorzy\/michal-malec\/","url_meta":{"origin":3998,"position":1},"title":"MICHA\u0141 MALEC","author":"MUSPOT","date":"26 April 2025","format":false,"excerpt":"Micha\u0142 Malec urodzony w\u00a01995 roku w\u00a0Lublinie. Absolwent studi\u00f3w magisterskich z\u00a0kompozycji na Uniwersytecie Muzycznym Fryderyka Chopina w\u00a0Warszawie w\u00a0klasie prof. Paw\u0142a \u0141ukaszewskiego. Studiowa\u0142 r\u00f3wnie\u017c kompozycj\u0119 na University of Aberdeen pod kierunkiem prof. Paula Mealora oraz dyrygentur\u0119 symfoniczno-operow\u0105 na Uniwersytecie Muzycznym Fryderyka Chopina w\u00a0Warszawie w\u00a0klasie prof. Moniki Woli\u0144skiej. Jest cz\u0142onkiem Ko\u0142a M\u0142odych Zwi\u0105zku\u2026","rel":"","context":"Similar post","block_context":{"text":"Similar post","link":""},"img":{"alt_text":"","src":"","width":0,"height":0},"classes":[]},{"id":3418,"url":"https:\/\/muspot.art\/en\/kompozytorzy\/aleksander-jan-szopa\/","url_meta":{"origin":3998,"position":2},"title":"ALEKSANDER JAN SZOPA","author":"MUSPOT","date":"28 May 2025","format":false,"excerpt":"Kompozytor i organista urodzony 15 lutego 1997 roku w Chicago. Absolwent studi\u00f3w magisterskich na Wydziale Muzyki Ko\u015bcielnej UMFC, specjalno\u015b\u0107: Organista w klasie Prof. Piotra Wilczy\u0144skiego (2021) i Kantor-Dyrygent w klasie Prof. Bartosza Micha\u0142owskiego (dyrygentura) i Prof. Piotra Wilczy\u0144skiego (organy) (2024), oraz na Wydziale Kompozycji i Teorii Muzyki UMFC, kierunek: Kompozycja\u2026","rel":"","context":"Similar post","block_context":{"text":"Similar post","link":""},"img":{"alt_text":"","src":"","width":0,"height":0},"classes":[]},{"id":1769,"url":"https:\/\/muspot.art\/en\/kompozytorzy\/marek-raczynski\/","url_meta":{"origin":3998,"position":3},"title":"MAREK RACZY\u0143SKI","author":"MUSPOT","date":"7 August 2024","format":false,"excerpt":"Marek Raczy\u0144ski jest autorem wielu utwor\u00f3w wokalno- instrumentalnych, kameralnych form instrumentalnych, a tak\u017ce licznych aran\u017cacji. Szczeg\u00f3lne uznanie zyska\u0142y jednak jego kompozycje przeznaczone na ch\u00f3r a cappella. Obecnie znajduj\u0105 si\u0119 one w sta\u0142ym repertuarze zespo\u0142\u00f3w na ca\u0142ym \u015bwiecie (m.in.: USA, Argentyna, Meksyk, Japonia, Walia, Niemcy, Francja, Austria, Litwa, Holandia). Utwory Marka\u2026","rel":"","context":"Similar post","block_context":{"text":"Similar post","link":""},"img":{"alt_text":"","src":"","width":0,"height":0},"classes":[]},{"id":1858,"url":"https:\/\/muspot.art\/en\/kompozytorzy\/jan-krutul\/","url_meta":{"origin":3998,"position":4},"title":"JAN KRUTUL","author":"MUSPOT","date":"28 August 2024","format":false,"excerpt":"Uko\u0144czy\u0142 trzy kierunki studi\u00f3w na Uniwersytecie Muzycznym Fryderyka Chopina: dyrygentur\u0119 ch\u00f3raln\u0105 (klasa prof. Violetty Bieleckiej), kompozycj\u0119 (klasa prof. Paw\u0142a \u0141ukaszewskiego) oraz dyrygentur\u0119 symfoniczno-operow\u0105 (klasa prof. Tomasza Bugaja), a tak\u017ce Podyplomowe Studia Ch\u00f3rmistrzowskie w Akademii Muzycznej im. Feliksa Nowowiejskiego w Bydgoszczy oraz Podyplomowe Studia Menad\u017cer Muzyki. Jest laureatem konkurs\u00f3w kompozytorskich i\u2026","rel":"","context":"Similar post","block_context":{"text":"Similar post","link":""},"img":{"alt_text":"","src":"","width":0,"height":0},"classes":[]},{"id":3401,"url":"https:\/\/muspot.art\/en\/kompozytorzy\/sebastian-szymanski\/","url_meta":{"origin":3998,"position":5},"title":"SEBASTIAN SZYMA\u0143SKI","author":"MUSPOT","date":"28 May 2025","format":false,"excerpt":"Sebastian Szyma\u0144ski\u00a0\u2013 kompozytor, sound design\u2019er, dyrygent i wyk\u0142adowca akademicki. Cz\u0142onek zwyczajny i stypendysta\u00a0Stowarzyszenia Autor\u00f3w ZAiKS\u00a0(wielokrotnie), stypendysta\u00a0Ministra Kultury i Dziedzictwa Narodowego\u00a0(wielokrotnie), cz\u0142onek zwyczajny\u00a0Zwi\u0105zku Artyst\u00f3w Wykonawc\u00f3w STOART,\u00a0Stowarzyszenia Polskich Artyst\u00f3w Muzyk\u00f3w\u00a0oraz\u00a0Stowarzyszenia Polskich Muzyk\u00f3w Ko\u015bcielnych,\u00a0cz\u0142onek za\u0142o\u017cyciel\u00a0Towarzystwa Naukowego EDUCARE \u2013 Sekcja Sztuki,\u00a0za\u0142o\u017cyciel\u00a0Limanowskiej Orkiestry Kameralnej\u00a0oraz orkiestry\u00a0Sinfonietta. Laureat wielu og\u00f3lnopolskich i mi\u0119dzynarodowych konkurs\u00f3w kompozytorskich, w tym nominacji\u2026","rel":"","context":"Similar post","block_context":{"text":"Similar post","link":""},"img":{"alt_text":"","src":"","width":0,"height":0},"classes":[]}],"_links":{"self":[{"href":"https:\/\/muspot.art\/en\/wp-json\/wp\/v2\/pages\/3998","targetHints":{"allow":["GET"]}}],"collection":[{"href":"https:\/\/muspot.art\/en\/wp-json\/wp\/v2\/pages"}],"about":[{"href":"https:\/\/muspot.art\/en\/wp-json\/wp\/v2\/types\/page"}],"author":[{"embeddable":true,"href":"https:\/\/muspot.art\/en\/wp-json\/wp\/v2\/users\/242172294"}],"replies":[{"embeddable":true,"href":"https:\/\/muspot.art\/en\/wp-json\/wp\/v2\/comments?post=3998"}],"version-history":[{"count":13,"href":"https:\/\/muspot.art\/en\/wp-json\/wp\/v2\/pages\/3998\/revisions"}],"predecessor-version":[{"id":4048,"href":"https:\/\/muspot.art\/en\/wp-json\/wp\/v2\/pages\/3998\/revisions\/4048"}],"up":[{"embeddable":true,"href":"https:\/\/muspot.art\/en\/wp-json\/wp\/v2\/pages\/134"}],"wp:attachment":[{"href":"https:\/\/muspot.art\/en\/wp-json\/wp\/v2\/media?parent=3998"}],"wp:term":[{"taxonomy":"folder","embeddable":true,"href":"https:\/\/muspot.art\/en\/wp-json\/wp\/v2\/folder?post=3998"}],"curies":[{"name":"wp","href":"https:\/\/api.w.org\/{rel}","templated":true}]}}